{"id":31668,"date":"2026-04-28T18:56:23","date_gmt":"2026-04-28T22:56:23","guid":{"rendered":"https:\/\/randonnee.ca\/?post_type=tribe_events&#038;p=31668"},"modified":"2026-04-28T18:57:22","modified_gmt":"2026-04-28T22:57:22","slug":"promenades-urbaines-victoriatown-goose-village","status":"publish","type":"tribe_events","link":"https:\/\/randonnee.ca\/fr\/event\/promenades-urbaines-victoriatown-goose-village\/","title":{"rendered":"Promenades urbaines &#8211; Victoriatown (Goose Village)"},"content":{"rendered":"<h2><span style=\"color: #339933;\">Victoriatown (Goose Village)<\/span><\/h2>\n<h2><span style=\"color: #339933;\">Samedi 16 mai 2026<\/span><\/h2>\n<p><strong>Heure de rencontre: 10 h<\/strong><br \/>\n<strong>Dur\u00e9e: Environ 2 heures<\/strong><br \/>\n<strong>Distance: 4 km<\/strong><br \/>\n<strong>Point de rencontre: Point de rencontre: M\u00e9tro Square-Victoria OACI (rendez-vous devant les tourniquets)<\/strong><br \/>\n<strong>Fin de la marche: Nous retournerons au m\u00e9tro Bonaventure en autobus de la STM (777, ouest)<\/strong><\/p>\n<p>Que serait Montr\u00e9al sans sa \u00ab Main \u00bb, rue embl\u00e9matique bien connue des Montr\u00e9alais ? Lors de cette marche, vous d\u00e9couvrirez celle-ci \u00e0 travers son histoire, ses c\u00e9l\u00e9brit\u00e9s marquantes, son art local (Artist Alley), mais surtout \u00e0 travers ses murales qui font partie int\u00e9grante de ce quadrilat\u00e8re. Nous terminerons cette marche color\u00e9e, dans un autre endroit riche en histoire, soit le Carr\u00e9 Saint-Louis.<\/p>\n<p>Visitez notre <a href=\"http:\/\/randonnee-city1.wikidot.com\/\" target=\"_blank\" rel=\"noopener noreferrer\">Wiki (Promenades urbaines)<\/a> pour vous inscrire \u00e0 la sortie de cette semaine.<\/p>\n","protected":false},"excerpt":{"rendered":"<p>Victoriatown (Goose Village) Samedi 16 mai 2026 Heure de rencontre: 10 h Dur\u00e9e: Environ 2 heures Distance: 4 km Point de rencontre: Point de rencontre: M\u00e9tro Square-Victoria OACI (rendez-vous devant les tourniquets) Fin de la marche: Nous retournerons au m\u00e9tro Bonaventure en autobus de la STM (777, ouest) Que serait Montr\u00e9al sans sa \u00ab Main \u00bb, rue embl\u00e9matique bien connue des Montr\u00e9alais ? Lors de cette marche, vous d\u00e9couvrirez celle-ci \u00e0 travers son histoire, ses c\u00e9l\u00e9brit\u00e9s marquantes, son art local (Artist Alley), mais surtout \u00e0 travers ses murales qui font partie int\u00e9grante de ce quadrilat\u00e8re. Nous terminerons cette marche color\u00e9e,&#8230; <\/p>\n","protected":false},"author":134,"featured_media":31661,"comment_status":"closed","ping_status":"closed","template":"","meta":{"_tribe_events_status":"","_tribe_events_status_reason":"","_tribe_events_is_hybrid":"","_tribe_events_is_virtual":"","_tribe_events_virtual_video_source":"","_tribe_events_virtual_embed_video":"","_tribe_events_virtual_linked_button_text":"","_tribe_events_virtual_linked_button":"","_tribe_events_virtual_show_embed_at":"","_tribe_events_virtual_show_embed_to":[],"_tribe_events_virtual_show_on_event":"","_tribe_events_virtual_show_on_views":"","_tribe_events_virtual_url":""},"tags":[],"tribe_events_cat":[131,112],"publishpress_future_action":{"enabled":false,"date":"2026-05-06 12:07:06","action":"draft","terms":[],"taxonomy":"tribe_events_cat"},"_links":{"self":[{"href":"https:\/\/randonnee.ca\/fr\/wp-json\/wp\/v2\/tribe_events\/31668"}],"collection":[{"href":"https:\/\/randonnee.ca\/fr\/wp-json\/wp\/v2\/tribe_events"}],"about":[{"href":"https:\/\/randonnee.ca\/fr\/wp-json\/wp\/v2\/types\/tribe_events"}],"author":[{"embeddable":true,"href":"https:\/\/randonnee.ca\/fr\/wp-json\/wp\/v2\/users\/134"}],"replies":[{"embeddable":true,"href":"https:\/\/randonnee.ca\/fr\/wp-json\/wp\/v2\/comments?post=31668"}],"version-history":[{"count":2,"href":"https:\/\/randonnee.ca\/fr\/wp-json\/wp\/v2\/tribe_events\/31668\/revisions"}],"predecessor-version":[{"id":31671,"href":"https:\/\/randonnee.ca\/fr\/wp-json\/wp\/v2\/tribe_events\/31668\/revisions\/31671"}],"wp:featuredmedia":[{"embeddable":true,"href":"https:\/\/randonnee.ca\/fr\/wp-json\/wp\/v2\/media\/31661"}],"wp:attachment":[{"href":"https:\/\/randonnee.ca\/fr\/wp-json\/wp\/v2\/media?parent=31668"}],"wp:term":[{"taxonomy":"post_tag","embeddable":true,"href":"https:\/\/randonnee.ca\/fr\/wp-json\/wp\/v2\/tags?post=31668"},{"taxonomy":"tribe_events_cat","embeddable":true,"href":"https:\/\/randonnee.ca\/fr\/wp-json\/wp\/v2\/tribe_events_cat?post=31668"}],"curies":[{"name":"wp","href":"https:\/\/api.w.org\/{rel}","templated":true}]}}